{"id":689,"date":"2019-05-03T10:18:26","date_gmt":"2019-05-03T10:18:26","guid":{"rendered":"http:\/\/advertiser.sitecontrol.at\/albus\/?page_id=689"},"modified":"2025-04-03T11:31:59","modified_gmt":"2025-04-03T09:31:59","slug":"unternehmen","status":"publish","type":"page","link":"https:\/\/albus.at\/de\/unternehmen\/","title":{"rendered":"Unternehmen"},"content":{"rendered":"<div id=\"pl-689\"  class=\"panel-layout\" ><div id=\"pg-689-0\"  class=\"panel-grid panel-no-style\" ><div id=\"pgc-689-0-0\"  class=\"panel-grid-cell\" ><div id=\"panel-689-0-0-0\" class=\"so-panel widget widget_dr-richard-page-header panel-first-child panel-last-child\" data-index=\"0\" ><div class=\"d-none d-md-block panel-widget-style panel-widget-style-for-689-0-0-0\" ><div\n\t\t\t\n\t\t\tclass=\"so-widget-dr-richard-page-header so-widget-dr-richard-page-header-default-40cd750bba98-689\"\n\t\t\t\n\t\t><div>\n    <div class=\"page-header-container\" style=\"background-image: linear-gradient(rgba(0, 0, 0, 0.3), rgba(0, 0, 0, 0.3)), url('https:\/\/albus.at\/wp-content\/uploads\/2022\/08\/Linienbus-Nonntaler-Hauptbr\u00fccke_c-Albus-Salzburg_M.-Scheer-e1659690631123.jpg')\">\n        <div class=\"page-header-bottomleft\">\n            <h2><span>\u00dcber uns<\/span><\/h2>\n            <div class=\"page-header-description\"><p>Albus - ein Unternehmen der Dr. Richard Firmengruppe.<\/p>\n<\/div>\n        <\/div>\n    <\/div>\n<\/div><\/div><\/div><\/div><\/div><\/div><div id=\"pg-689-1\"  class=\"panel-grid panel-has-style\" ><div class=\"panel-row-style panel-row-style-for-689-1\" ><div id=\"pgc-689-1-0\"  class=\"panel-grid-cell\" ><div id=\"panel-689-1-0-0\" class=\"so-panel widget widget_sow-editor panel-first-child panel-last-child\" data-index=\"1\" ><div\n\t\t\t\n\t\t\tclass=\"so-widget-sow-editor so-widget-sow-editor-base\"\n\t\t\t\n\t\t>\n<div class=\"siteorigin-widget-tinymce textwidget\">\n\t<h1 style=\"text-align: center;\"><span style=\"color: #27c228;\">\u00dcber Albus<\/span><\/h1>\n<p><span lang=\"DE-AT\">Albus <strong>geh\u00f6rt zur Dr. Richard-Gruppe<\/strong>. Diese ist das <strong>gr\u00f6\u00dfte eigent\u00fcmergef\u00fchrte Busunternehmen im deutschsprachigen Raum<\/strong>. Albus wurde bereits <strong>vor \u00fcber 90\u00a0Jahren<\/strong> gegr\u00fcndet und ist nicht nur innerhalb \u00d6sterreichs t\u00e4tig, sondern hat sich zu einem europaweit agierenden und weltweit vernetzten Unternehmen entwickelt.<\/span><\/p>\n<p><span lang=\"DE-AT\">Aufgrund der vielseitigen Einsatzgebiete sowie unserer hohen Kompetenz im Busverkehr vertrauen uns unsere Kunden auf der ganzen Welt. Allein im <strong>Linienverkehr in und um Salzburg<\/strong> bef\u00f6rdern wir pro Jahr ca. 12 Millionen Passagiere. Rund 270 Mitarbeiter sorgen t\u00e4glich daf\u00fcr, dass unsere Fahrg\u00e4ste sich sicher f\u00fchlen und reibungslos ans gew\u00fcnschte Ziel gelangen.\u00a0<\/span><\/p>\n<p><span lang=\"DE-AT\">Damit dies gelingt, verf\u00fcgt Albus \u00fcber eine <strong>moderne und technisch hochwertige Flotte an Bussen<\/strong>, die t\u00e4glich im Einsatz ist. Unsere Mitarbeiter bilden sich stets weiter, sodass du von einer hohen Sicherheit profitierst.<\/span><\/p>\n<p><span lang=\"DE-AT\">Brauchst du einen <strong>perfekt funktionierenden Shuttle-Service<\/strong> zum Kongress, zur Messe oder als Transport zu Stadien, Theatern oder Gro\u00dfveranstaltungen? Wir \u00fcberzeugen unsere Kunden auch auf diesem Einsatzgebiet durch perfekte Organisation und Verf\u00fcgbarkeit von Personal und Fahrzeugen. Unsere Busse sind mit der Zentrale vernetzt, um ein schnelles Reagieren auf \u00c4nderungen im Verkehr oder bei Fahrpl\u00e4nen zu gew\u00e4hrleisten.<\/span><\/p>\n<p><span lang=\"DE-AT\">Mit dem <strong>24 Stunden-Service<\/strong> steht dir rund um die Uhr ein kompetenter Ansprechpartner zur Seite.<\/span><\/p>\n<\/div>\n<\/div><\/div><\/div><\/div><\/div><div id=\"pg-689-2\"  class=\"panel-grid panel-has-style\" ><div class=\"panel-row-style panel-row-style-for-689-2\" ><div id=\"pgc-689-2-0\"  class=\"panel-grid-cell panel-grid-cell-empty\" ><\/div><\/div><\/div><div id=\"pg-689-3\"  class=\"panel-grid panel-has-style\" ><div class=\"panel-row-style panel-row-style-for-689-3\" ><div id=\"pgc-689-3-0\"  class=\"panel-grid-cell\" ><div id=\"panel-689-3-0-0\" class=\"so-panel widget widget_sow-editor panel-first-child panel-last-child\" data-index=\"2\" ><div\n\t\t\t\n\t\t\tclass=\"so-widget-sow-editor so-widget-sow-editor-base\"\n\t\t\t\n\t\t>\n<div class=\"siteorigin-widget-tinymce textwidget\">\n\t<h2 style=\"text-align: center;\"><span style=\"color: #27c228;\">Unsere Gesch\u00e4ftsleitung stellt sich vor<\/span><\/h2>\n<\/div>\n<\/div><\/div><\/div><\/div><\/div><div id=\"pg-689-4\"  class=\"panel-grid panel-has-style\" ><div class=\"panel-row-style panel-row-style-for-689-4\" ><div id=\"pgc-689-4-0\"  class=\"panel-grid-cell\" ><div id=\"panel-689-4-0-0\" class=\"so-panel widget widget_sow-editor panel-first-child\" data-index=\"3\" ><div\n\t\t\t\n\t\t\tclass=\"so-widget-sow-editor so-widget-sow-editor-base\"\n\t\t\t\n\t\t>\n<div class=\"siteorigin-widget-tinymce textwidget\">\n\t<p><img loading=\"lazy\" decoding=\"async\" class=\"aligncenter wp-image-4938 size-large\" src=\"https:\/\/albus.at\/wp-content\/uploads\/2021\/09\/DSC5689-1024x683.jpg\" alt=\"\" width=\"640\" height=\"427\" srcset=\"https:\/\/albus.at\/wp-content\/uploads\/2021\/09\/DSC5689-1024x683.jpg 1024w, https:\/\/albus.at\/wp-content\/uploads\/2021\/09\/DSC5689-300x200.jpg 300w, https:\/\/albus.at\/wp-content\/uploads\/2021\/09\/DSC5689-768x512.jpg 768w, https:\/\/albus.at\/wp-content\/uploads\/2021\/09\/DSC5689-375x250.jpg 375w, https:\/\/albus.at\/wp-content\/uploads\/2021\/09\/DSC5689-272x182.jpg 272w\" sizes=\"auto, (max-width: 640px) 100vw, 640px\" \/><\/p>\n<\/div>\n<\/div><\/div><div id=\"panel-689-4-0-1\" class=\"so-panel widget widget_sow-editor panel-last-child\" data-index=\"4\" ><div\n\t\t\t\n\t\t\tclass=\"so-widget-sow-editor so-widget-sow-editor-base\"\n\t\t\t\n\t\t>\n<div class=\"siteorigin-widget-tinymce textwidget\">\n\t<h3 style=\"text-align: center;\"><span style=\"color: #27c228;\">Hermann H\u00e4ckl<\/span><\/h3>\n<h4 style=\"text-align: center;\">Gesch\u00e4ftsf\u00fchrer<\/h4>\n<p style=\"text-align: center;\">Albus Salzburg Verkehrsbetrieb GmbH<\/p>\n<\/div>\n<\/div><\/div><\/div><div id=\"pgc-689-4-1\"  class=\"panel-grid-cell\" ><div id=\"panel-689-4-1-0\" class=\"so-panel widget widget_sow-editor panel-first-child\" data-index=\"5\" ><div\n\t\t\t\n\t\t\tclass=\"so-widget-sow-editor so-widget-sow-editor-base\"\n\t\t\t\n\t\t>\n<div class=\"siteorigin-widget-tinymce textwidget\">\n\t<p><img loading=\"lazy\" decoding=\"async\" class=\"wp-image-6489 aligncenter\" src=\"https:\/\/albus.at\/wp-content\/uploads\/2023\/11\/Nenad-Bosckovic_Betriebsleiter_cAlbus-Salzburg-Scheinast.com_-300x200.jpg\" alt=\"\" width=\"589\" height=\"393\" srcset=\"https:\/\/albus.at\/wp-content\/uploads\/2023\/11\/Nenad-Bosckovic_Betriebsleiter_cAlbus-Salzburg-Scheinast.com_-300x200.jpg 300w, https:\/\/albus.at\/wp-content\/uploads\/2023\/11\/Nenad-Bosckovic_Betriebsleiter_cAlbus-Salzburg-Scheinast.com_-375x250.jpg 375w, https:\/\/albus.at\/wp-content\/uploads\/2023\/11\/Nenad-Bosckovic_Betriebsleiter_cAlbus-Salzburg-Scheinast.com_-272x182.jpg 272w, https:\/\/albus.at\/wp-content\/uploads\/2023\/11\/Nenad-Bosckovic_Betriebsleiter_cAlbus-Salzburg-Scheinast.com_.jpg 640w\" sizes=\"auto, (max-width: 589px) 100vw, 589px\" \/><\/p>\n<\/div>\n<\/div><\/div><div id=\"panel-689-4-1-1\" class=\"so-panel widget widget_sow-editor panel-last-child\" data-index=\"6\" ><div\n\t\t\t\n\t\t\tclass=\"so-widget-sow-editor so-widget-sow-editor-base\"\n\t\t\t\n\t\t>\n<div class=\"siteorigin-widget-tinymce textwidget\">\n\t<h3 style=\"text-align: center;\"><span style=\"color: #27c228;\">Nenad Boskovic<\/span><\/h3>\n<h4 style=\"text-align: center;\">Betriebsleiter Linienverkehr<\/h4>\n<p style=\"text-align: center;\">Albus Salzburg Verkehrsbetrieb GmbH<\/p>\n<\/div>\n<\/div><\/div><\/div><div id=\"pgc-689-4-2\"  class=\"panel-grid-cell\" ><div id=\"panel-689-4-2-0\" class=\"so-panel widget widget_sow-editor panel-first-child\" data-index=\"7\" ><div\n\t\t\t\n\t\t\tclass=\"so-widget-sow-editor so-widget-sow-editor-base\"\n\t\t\t\n\t\t>\n<div class=\"siteorigin-widget-tinymce textwidget\">\n\t<p><img loading=\"lazy\" decoding=\"async\" class=\"aligncenter wp-image-4948 size-large\" src=\"https:\/\/albus.at\/wp-content\/uploads\/2021\/09\/DSC6392-1024x683.jpg\" alt=\"\" width=\"640\" height=\"427\" srcset=\"https:\/\/albus.at\/wp-content\/uploads\/2021\/09\/DSC6392-1024x683.jpg 1024w, https:\/\/albus.at\/wp-content\/uploads\/2021\/09\/DSC6392-300x200.jpg 300w, https:\/\/albus.at\/wp-content\/uploads\/2021\/09\/DSC6392-768x512.jpg 768w, https:\/\/albus.at\/wp-content\/uploads\/2021\/09\/DSC6392-375x250.jpg 375w, https:\/\/albus.at\/wp-content\/uploads\/2021\/09\/DSC6392-272x182.jpg 272w\" sizes=\"auto, (max-width: 640px) 100vw, 640px\" \/><\/p>\n<\/div>\n<\/div><\/div><div id=\"panel-689-4-2-1\" class=\"so-panel widget widget_sow-editor panel-last-child\" data-index=\"8\" ><div\n\t\t\t\n\t\t\tclass=\"so-widget-sow-editor so-widget-sow-editor-base\"\n\t\t\t\n\t\t>\n<div class=\"siteorigin-widget-tinymce textwidget\">\n\t<h3 style=\"text-align: center;\"><span style=\"color: #27c228;\">Peter Pritz<\/span><\/h3>\n<h4 style=\"text-align: center;\">Leitung Werkstatt<\/h4>\n<p style=\"text-align: center;\">Albus Salzburg Verkehrsbetrieb GmbH, Dr. Richard Salzburg Reisebus GmbH &amp; Co KG,<br \/>\nSalzkraft Salzburger Kraftwagen-Verkehrs-GmbH<\/p>\n<\/div>\n<\/div><\/div><\/div><\/div><\/div><div id=\"pg-689-5\"  class=\"panel-grid panel-has-style\" ><div class=\"panel-row-style panel-row-style-for-689-5\" ><div id=\"pgc-689-5-0\"  class=\"panel-grid-cell\" ><div id=\"panel-689-5-0-0\" class=\"so-panel widget widget_sow-editor panel-first-child panel-last-child\" data-index=\"9\" ><div\n\t\t\t\n\t\t\tclass=\"so-widget-sow-editor so-widget-sow-editor-base\"\n\t\t\t\n\t\t>\n<div class=\"siteorigin-widget-tinymce textwidget\">\n\t<h2 style=\"text-align: center;\"><span style=\"color: #27c228;\">Ein Unternehmen der Dr. Richard Gruppe<\/span><\/h2>\n<p>&nbsp;<\/p>\n<p><span lang=\"DE-AT\">Die Dr. Richard Firmengruppe ist <strong>einer der wichtigsten Mobilit\u00e4tspartner \u00d6sterreichs<\/strong>. Das gr\u00f6\u00dfte private Busunternehmen im deutschsprachigen Raum ist zur heimischen Traditionsmarke avanciert. Die Dr. Richard Gruppe h\u00e4lt 51% der Unternehmensanteile von Albus Salzburg, 49% geh\u00f6ren der Salzburg Linien Verkehrsbetriebe GmbH (49 %). <\/span><\/p>\n<p><span lang=\"DE-AT\">Dr. Richard betreibt mittlerweile in seiner Firmengruppe mit 15 Betriebsstandorten rund 1.100 Autobusse, die im Jahr 2024 rund 53,9 Mio. km zur\u00fcckgelegt haben. Mit \u00fcber 1.900 Mitarbeiter:innen wurden 2024 rund 230 Mio. Euro Jahresumsatz erzielt. Die Dr. Richard Gruppe wurde vor mehr als 90 Jahren in \u00d6sterreich als Familienbetrieb gegr\u00fcndet.<\/span><\/p>\n<\/div>\n<\/div><\/div><\/div><\/div><\/div><div id=\"pg-689-6\"  class=\"panel-grid panel-has-style\" ><div class=\"panel-row-style panel-row-style-for-689-6\" ><div id=\"pgc-689-6-0\"  class=\"panel-grid-cell\" ><div id=\"panel-689-6-0-0\" class=\"so-panel widget widget_sow-image panel-first-child panel-last-child\" data-index=\"10\" ><div\n\t\t\t\n\t\t\tclass=\"so-widget-sow-image so-widget-sow-image-default-8b5b6f678277-689\"\n\t\t\t\n\t\t>\n<div class=\"sow-image-container\">\n\t\t<img \n\tsrc=\"https:\/\/albus.at\/wp-content\/uploads\/2025\/04\/Dr.Richard-Landkarte-15standorte-Albus-web.png\" width=\"4138\" height=\"2101\" srcset=\"https:\/\/albus.at\/wp-content\/uploads\/2025\/04\/Dr.Richard-Landkarte-15standorte-Albus-web.png 4138w, https:\/\/albus.at\/wp-content\/uploads\/2025\/04\/Dr.Richard-Landkarte-15standorte-Albus-web-300x152.png 300w, https:\/\/albus.at\/wp-content\/uploads\/2025\/04\/Dr.Richard-Landkarte-15standorte-Albus-web-1024x520.png 1024w, https:\/\/albus.at\/wp-content\/uploads\/2025\/04\/Dr.Richard-Landkarte-15standorte-Albus-web-768x390.png 768w, https:\/\/albus.at\/wp-content\/uploads\/2025\/04\/Dr.Richard-Landkarte-15standorte-Albus-web-1536x780.png 1536w, https:\/\/albus.at\/wp-content\/uploads\/2025\/04\/Dr.Richard-Landkarte-15standorte-Albus-web-2048x1040.png 2048w, https:\/\/albus.at\/wp-content\/uploads\/2025\/04\/Dr.Richard-Landkarte-15standorte-Albus-web-492x250.png 492w\" sizes=\"(max-width: 4138px) 100vw, 4138px\" title=\"Dr.Richard-Landkarte-15standorte Albus web\" alt=\"\" \t\tclass=\"so-widget-image\"\/>\n\t<\/div>\n\n<\/div><\/div><\/div><\/div><\/div><div id=\"pg-689-7\"  class=\"panel-grid panel-has-style\" ><div class=\"panel-row-style panel-row-style-for-689-7\" ><div id=\"pgc-689-7-0\"  class=\"panel-grid-cell\" ><div id=\"panel-689-7-0-0\" class=\"so-panel widget widget_sow-editor panel-first-child panel-last-child\" data-index=\"11\" ><div\n\t\t\t\n\t\t\tclass=\"so-widget-sow-editor so-widget-sow-editor-base\"\n\t\t\t\n\t\t>\n<div class=\"siteorigin-widget-tinymce textwidget\">\n\t<h3 style=\"text-align: center;\"><span style=\"color: #27c228;\">Eigene Werkstatt im Haus<\/span><\/h3>\n<\/div>\n<\/div><\/div><\/div><\/div><\/div><div id=\"pg-689-8\"  class=\"panel-grid panel-has-style\" ><div class=\"panel-row-style panel-row-style-for-689-8\" ><div id=\"pgc-689-8-0\"  class=\"panel-grid-cell\" ><div id=\"panel-689-8-0-0\" class=\"so-panel widget widget_sow-editor panel-first-child panel-last-child\" data-index=\"12\" ><div\n\t\t\t\n\t\t\tclass=\"so-widget-sow-editor so-widget-sow-editor-base\"\n\t\t\t\n\t\t>\n<div class=\"siteorigin-widget-tinymce textwidget\">\n\t<p><span lang=\"DE-AT\">Wir betreiben eine <strong>eigene Buswerkstatt<\/strong> mit Spenglerei, Tankanlage und vielem mehr.<\/span><\/p>\n<p><span lang=\"DE-AT\">Unsere <strong>hochqualifizierten Mitarbeiter<\/strong> f\u00fchren s\u00e4mtliche Arbeiten und Reparaturen am und im Bus selbst durch. Dies hat den Vorteil, dass <strong>alle Busse jederzeit top gewartet und schnell einsatzbereit<\/strong> sind. Wir m\u00fcssen nicht erst lange auf einen Termin in der Werkstatt warten, denn wir \u201esind\u201c die Werkstatt. Die Service- und Reparaturzeiten minimieren sich hierdurch erheblich.<\/span><\/p>\n<p><span lang=\"DE-AT\">Gleichzeitig k\u00f6nnen wir damit eine Vielzahl an weiteren Arbeitspl\u00e4tzen zur Verf\u00fcgung stellen und bieten somit f\u00fcr sehr viele Einsatzbereiche <a href=\"https:\/\/albus.at\/de\/unternehmen\/jobs\/\" target=\"_blank\" rel=\"noopener\"><strong>interessante Job-M\u00f6glichkeiten<\/strong><\/a>. Au\u00dferdem bilden wir Lehrlinge aus.<\/span><\/p>\n<\/div>\n<\/div><\/div><\/div><\/div><\/div><div id=\"pg-689-9\"  class=\"panel-grid panel-has-style\" ><div class=\"panel-row-style panel-row-style-for-689-9\" ><div id=\"pgc-689-9-0\"  class=\"panel-grid-cell panel-grid-cell-empty\" ><\/div><div id=\"pgc-689-9-1\"  class=\"panel-grid-cell panel-grid-cell-mobile-last\" ><div id=\"panel-689-9-1-0\" class=\"so-panel widget widget_sow-editor panel-first-child panel-last-child\" data-index=\"13\" ><div\n\t\t\t\n\t\t\tclass=\"so-widget-sow-editor so-widget-sow-editor-base\"\n\t\t\t\n\t\t>\n<div class=\"siteorigin-widget-tinymce textwidget\">\n\t\n<\/div>\n<\/div><\/div><\/div><div id=\"pgc-689-9-2\"  class=\"panel-grid-cell panel-grid-cell-empty\" ><\/div><\/div><\/div><\/div>","protected":false},"excerpt":{"rendered":"<p>\u00dcber Albus Albus geh\u00f6rt zur Dr. Richard-Gruppe. Diese ist das gr\u00f6\u00dfte eigent\u00fcmergef\u00fchrte Busunternehmen im deutschsprachigen Raum. Albus wurde bereits vor \u00fcber 90\u00a0Jahren gegr\u00fcndet und ist nicht nur innerhalb \u00d6sterreichs t\u00e4tig, sondern hat sich zu einem europaweit agierenden und weltweit vernetzten Unternehmen entwickelt. Aufgrund der vielseitigen Einsatzgebiete sowie unserer hohen Kompetenz im Busverkehr vertrauen uns unsere [&hellip;]<\/p>\n","protected":false},"author":31,"featured_media":0,"parent":0,"menu_order":0,"comment_status":"closed","ping_status":"closed","template":"","meta":{"footnotes":""},"class_list":["post-689","page","type-page","status-publish","hentry"],"yoast_head":"<!-- This site is optimized with the Yoast SEO plugin v27.4 - https:\/\/yoast.com\/product\/yoast-seo-wordpress\/ -->\n<title>\u00dcber uns | Albus<\/title>\n<meta name=\"description\" content=\"Du interessierst dich f\u00fcr das Busunternehmen Albus? \u27a4 Erfahre mehr: \u2714 Linienverkehr Salzburg. \u2714 Shuttle-Service. \u2714 Eigene Buswerkstatt.\" \/>\n<meta name=\"robots\" content=\"index, follow, max-snippet:-1, max-image-preview:large, max-video-preview:-1\" \/>\n<link rel=\"canonical\" href=\"https:\/\/albus.at\/de\/unternehmen\/\" \/>\n<meta property=\"og:locale\" content=\"de_DE\" \/>\n<meta property=\"og:type\" content=\"article\" \/>\n<meta property=\"og:title\" content=\"\u00dcber uns | Albus\" \/>\n<meta property=\"og:description\" content=\"Du interessierst dich f\u00fcr das Busunternehmen Albus? \u27a4 Erfahre mehr: \u2714 Linienverkehr Salzburg. \u2714 Shuttle-Service. \u2714 Eigene Buswerkstatt.\" \/>\n<meta property=\"og:url\" content=\"https:\/\/albus.at\/de\/unternehmen\/\" \/>\n<meta property=\"og:site_name\" content=\"Albus\" \/>\n<meta property=\"article:modified_time\" content=\"2025-04-03T09:31:59+00:00\" \/>\n<meta property=\"og:image\" content=\"https:\/\/albus.at\/wp-content\/uploads\/2021\/09\/DSC5689-1024x683.jpg\" \/>\n\t<meta property=\"og:image:width\" content=\"1024\" \/>\n\t<meta property=\"og:image:height\" content=\"683\" \/>\n\t<meta property=\"og:image:type\" content=\"image\/jpeg\" \/>\n<meta name=\"twitter:card\" content=\"summary_large_image\" \/>\n<meta name=\"twitter:label1\" content=\"Gesch\u00e4tzte Lesezeit\" \/>\n\t<meta name=\"twitter:data1\" content=\"4\u00a0Minuten\" \/>\n<script type=\"application\/ld+json\" class=\"yoast-schema-graph\">{\"@context\":\"https:\\\/\\\/schema.org\",\"@graph\":[{\"@type\":\"WebPage\",\"@id\":\"https:\\\/\\\/albus.at\\\/de\\\/unternehmen\\\/\",\"url\":\"https:\\\/\\\/albus.at\\\/de\\\/unternehmen\\\/\",\"name\":\"\u00dcber uns | Albus\",\"isPartOf\":{\"@id\":\"https:\\\/\\\/albus.at\\\/en\\\/#website\"},\"primaryImageOfPage\":{\"@id\":\"https:\\\/\\\/albus.at\\\/de\\\/unternehmen\\\/#primaryimage\"},\"image\":{\"@id\":\"https:\\\/\\\/albus.at\\\/de\\\/unternehmen\\\/#primaryimage\"},\"thumbnailUrl\":\"https:\\\/\\\/albus.at\\\/wp-content\\\/uploads\\\/2021\\\/09\\\/DSC5689-1024x683.jpg\",\"datePublished\":\"2019-05-03T10:18:26+00:00\",\"dateModified\":\"2025-04-03T09:31:59+00:00\",\"description\":\"Du interessierst dich f\u00fcr das Busunternehmen Albus? \u27a4 Erfahre mehr: \u2714 Linienverkehr Salzburg. \u2714 Shuttle-Service. \u2714 Eigene Buswerkstatt.\",\"breadcrumb\":{\"@id\":\"https:\\\/\\\/albus.at\\\/de\\\/unternehmen\\\/#breadcrumb\"},\"inLanguage\":\"de\",\"potentialAction\":[{\"@type\":\"ReadAction\",\"target\":[\"https:\\\/\\\/albus.at\\\/de\\\/unternehmen\\\/\"]}]},{\"@type\":\"ImageObject\",\"inLanguage\":\"de\",\"@id\":\"https:\\\/\\\/albus.at\\\/de\\\/unternehmen\\\/#primaryimage\",\"url\":\"https:\\\/\\\/albus.at\\\/wp-content\\\/uploads\\\/2021\\\/09\\\/DSC5689-1024x683.jpg\",\"contentUrl\":\"https:\\\/\\\/albus.at\\\/wp-content\\\/uploads\\\/2021\\\/09\\\/DSC5689-1024x683.jpg\"},{\"@type\":\"BreadcrumbList\",\"@id\":\"https:\\\/\\\/albus.at\\\/de\\\/unternehmen\\\/#breadcrumb\",\"itemListElement\":[{\"@type\":\"ListItem\",\"position\":1,\"name\":\"Startseite\",\"item\":\"https:\\\/\\\/albus.at\\\/de\\\/\"},{\"@type\":\"ListItem\",\"position\":2,\"name\":\"Unternehmen\"}]},{\"@type\":\"WebSite\",\"@id\":\"https:\\\/\\\/albus.at\\\/en\\\/#website\",\"url\":\"https:\\\/\\\/albus.at\\\/en\\\/\",\"name\":\"Albus\",\"description\":\"\",\"publisher\":{\"@id\":\"https:\\\/\\\/albus.at\\\/en\\\/#organization\"},\"potentialAction\":[{\"@type\":\"SearchAction\",\"target\":{\"@type\":\"EntryPoint\",\"urlTemplate\":\"https:\\\/\\\/albus.at\\\/en\\\/?s={search_term_string}\"},\"query-input\":{\"@type\":\"PropertyValueSpecification\",\"valueRequired\":true,\"valueName\":\"search_term_string\"}}],\"inLanguage\":\"de\"},{\"@type\":\"Organization\",\"@id\":\"https:\\\/\\\/albus.at\\\/en\\\/#organization\",\"name\":\"Albus\",\"url\":\"https:\\\/\\\/albus.at\\\/en\\\/\",\"logo\":{\"@type\":\"ImageObject\",\"inLanguage\":\"de\",\"@id\":\"https:\\\/\\\/albus.at\\\/en\\\/#\\\/schema\\\/logo\\\/image\\\/\",\"url\":\"https:\\\/\\\/albus.at\\\/wp-content\\\/uploads\\\/2021\\\/08\\\/cropped-lg4-1-e1630057573669.png\",\"contentUrl\":\"https:\\\/\\\/albus.at\\\/wp-content\\\/uploads\\\/2021\\\/08\\\/cropped-lg4-1-e1630057573669.png\",\"width\":250,\"height\":58,\"caption\":\"Albus\"},\"image\":{\"@id\":\"https:\\\/\\\/albus.at\\\/en\\\/#\\\/schema\\\/logo\\\/image\\\/\"}}]}<\/script>\n<!-- \/ Yoast SEO plugin. -->","yoast_head_json":{"title":"\u00dcber uns | Albus","description":"Du interessierst dich f\u00fcr das Busunternehmen Albus? \u27a4 Erfahre mehr: \u2714 Linienverkehr Salzburg. \u2714 Shuttle-Service. \u2714 Eigene Buswerkstatt.","robots":{"index":"index","follow":"follow","max-snippet":"max-snippet:-1","max-image-preview":"max-image-preview:large","max-video-preview":"max-video-preview:-1"},"canonical":"https:\/\/albus.at\/de\/unternehmen\/","og_locale":"de_DE","og_type":"article","og_title":"\u00dcber uns | Albus","og_description":"Du interessierst dich f\u00fcr das Busunternehmen Albus? \u27a4 Erfahre mehr: \u2714 Linienverkehr Salzburg. \u2714 Shuttle-Service. \u2714 Eigene Buswerkstatt.","og_url":"https:\/\/albus.at\/de\/unternehmen\/","og_site_name":"Albus","article_modified_time":"2025-04-03T09:31:59+00:00","og_image":[{"width":1024,"height":683,"url":"https:\/\/albus.at\/wp-content\/uploads\/2021\/09\/DSC5689-1024x683.jpg","type":"image\/jpeg"}],"twitter_card":"summary_large_image","twitter_misc":{"Gesch\u00e4tzte Lesezeit":"4\u00a0Minuten"},"schema":{"@context":"https:\/\/schema.org","@graph":[{"@type":"WebPage","@id":"https:\/\/albus.at\/de\/unternehmen\/","url":"https:\/\/albus.at\/de\/unternehmen\/","name":"\u00dcber uns | Albus","isPartOf":{"@id":"https:\/\/albus.at\/en\/#website"},"primaryImageOfPage":{"@id":"https:\/\/albus.at\/de\/unternehmen\/#primaryimage"},"image":{"@id":"https:\/\/albus.at\/de\/unternehmen\/#primaryimage"},"thumbnailUrl":"https:\/\/albus.at\/wp-content\/uploads\/2021\/09\/DSC5689-1024x683.jpg","datePublished":"2019-05-03T10:18:26+00:00","dateModified":"2025-04-03T09:31:59+00:00","description":"Du interessierst dich f\u00fcr das Busunternehmen Albus? \u27a4 Erfahre mehr: \u2714 Linienverkehr Salzburg. \u2714 Shuttle-Service. \u2714 Eigene Buswerkstatt.","breadcrumb":{"@id":"https:\/\/albus.at\/de\/unternehmen\/#breadcrumb"},"inLanguage":"de","potentialAction":[{"@type":"ReadAction","target":["https:\/\/albus.at\/de\/unternehmen\/"]}]},{"@type":"ImageObject","inLanguage":"de","@id":"https:\/\/albus.at\/de\/unternehmen\/#primaryimage","url":"https:\/\/albus.at\/wp-content\/uploads\/2021\/09\/DSC5689-1024x683.jpg","contentUrl":"https:\/\/albus.at\/wp-content\/uploads\/2021\/09\/DSC5689-1024x683.jpg"},{"@type":"BreadcrumbList","@id":"https:\/\/albus.at\/de\/unternehmen\/#breadcrumb","itemListElement":[{"@type":"ListItem","position":1,"name":"Startseite","item":"https:\/\/albus.at\/de\/"},{"@type":"ListItem","position":2,"name":"Unternehmen"}]},{"@type":"WebSite","@id":"https:\/\/albus.at\/en\/#website","url":"https:\/\/albus.at\/en\/","name":"Albus","description":"","publisher":{"@id":"https:\/\/albus.at\/en\/#organization"},"potentialAction":[{"@type":"SearchAction","target":{"@type":"EntryPoint","urlTemplate":"https:\/\/albus.at\/en\/?s={search_term_string}"},"query-input":{"@type":"PropertyValueSpecification","valueRequired":true,"valueName":"search_term_string"}}],"inLanguage":"de"},{"@type":"Organization","@id":"https:\/\/albus.at\/en\/#organization","name":"Albus","url":"https:\/\/albus.at\/en\/","logo":{"@type":"ImageObject","inLanguage":"de","@id":"https:\/\/albus.at\/en\/#\/schema\/logo\/image\/","url":"https:\/\/albus.at\/wp-content\/uploads\/2021\/08\/cropped-lg4-1-e1630057573669.png","contentUrl":"https:\/\/albus.at\/wp-content\/uploads\/2021\/08\/cropped-lg4-1-e1630057573669.png","width":250,"height":58,"caption":"Albus"},"image":{"@id":"https:\/\/albus.at\/en\/#\/schema\/logo\/image\/"}}]}},"_links":{"self":[{"href":"https:\/\/albus.at\/de\/wp-json\/wp\/v2\/pages\/689","targetHints":{"allow":["GET"]}}],"collection":[{"href":"https:\/\/albus.at\/de\/wp-json\/wp\/v2\/pages"}],"about":[{"href":"https:\/\/albus.at\/de\/wp-json\/wp\/v2\/types\/page"}],"author":[{"embeddable":true,"href":"https:\/\/albus.at\/de\/wp-json\/wp\/v2\/users\/31"}],"replies":[{"embeddable":true,"href":"https:\/\/albus.at\/de\/wp-json\/wp\/v2\/comments?post=689"}],"version-history":[{"count":242,"href":"https:\/\/albus.at\/de\/wp-json\/wp\/v2\/pages\/689\/revisions"}],"predecessor-version":[{"id":6691,"href":"https:\/\/albus.at\/de\/wp-json\/wp\/v2\/pages\/689\/revisions\/6691"}],"wp:attachment":[{"href":"https:\/\/albus.at\/de\/wp-json\/wp\/v2\/media?parent=689"}],"curies":[{"name":"wp","href":"https:\/\/api.w.org\/{rel}","templated":true}]}}